{"id":2032,"date":"2026-01-15T15:25:31","date_gmt":"2026-01-15T14:25:31","guid":{"rendered":"https:\/\/eltrasgudefoncebadon.com\/?page_id=2032"},"modified":"2026-04-26T21:53:00","modified_gmt":"2026-04-26T19:53:00","slug":"foncebadon","status":"publish","type":"page","link":"https:\/\/eltrasgudefoncebadon.com\/fr\/foncebadon\/","title":{"rendered":"Foncebad\u00f3n"},"content":{"rendered":"\t\t<div data-elementor-type=\"wp-page\" data-elementor-id=\"2032\" class=\"elementor elementor-2032\" data-elementor-post-type=\"page\">\n\t\t\t\t<div class=\"elementor-element elementor-element-40f6892 e-flex e-con-boxed e-con e-parent\" data-id=\"40f6892\" data-element_type=\"container\" data-e-type=\"container\" data-settings=\"{&quot;background_background&quot;:&quot;classic&quot;}\">\n\t\t\t\t\t<div class=\"e-con-inner\">\n\t\t\t\t<div class=\"elementor-element elementor-element-38148db elementor-widget elementor-widget-heading\" data-id=\"38148db\" data-element_type=\"widget\" data-e-type=\"widget\" data-widget_type=\"heading.default\">\n\t\t\t\t\t<h1 class=\"elementor-heading-title elementor-size-default\">Foncebad\u00f3n<\/h1>\t\t\t\t<\/div>\n\t\t\t\t<div class=\"elementor-element elementor-element-2e75db9 elementor-widget elementor-widget-heading\" data-id=\"2e75db9\" data-element_type=\"widget\" data-e-type=\"widget\" data-widget_type=\"heading.default\">\n\t\t\t\t\t<h2 class=\"elementor-heading-title elementor-size-default\">le point culminant du chemin de Compostelle<\/h2>\t\t\t\t<\/div>\n\t\t<div class=\"elementor-element elementor-element-4b60b80 e-con-full e-flex e-con e-child\" data-id=\"4b60b80\" data-element_type=\"container\" data-e-type=\"container\" data-settings=\"{&quot;background_background&quot;:&quot;classic&quot;}\">\n\t\t<div class=\"elementor-element elementor-element-fd692db e-con-full e-flex e-con e-child\" data-id=\"fd692db\" data-element_type=\"container\" data-e-type=\"container\" data-settings=\"{&quot;background_background&quot;:&quot;classic&quot;}\">\n\t\t\t\t<div class=\"elementor-element elementor-element-c7c342e elementor-widget elementor-widget-text-editor\" data-id=\"c7c342e\" data-element_type=\"widget\" data-e-type=\"widget\" data-widget_type=\"text-editor.default\">\n\t\t\t\t\t\t\t\t\t<p style=\"text-align: center;\"><strong data-start=\"303\" data-end=\"334\">Meilleur prix garanti | 15 % de r\u00e9duction avec le code promo WEBOFFER<\/strong><\/p>\t\t\t\t\t\t\t\t<\/div>\n\t\t\t\t<\/div>\n\t\t<div class=\"elementor-element elementor-element-86f55a7 e-con-full e-flex e-con e-child\" data-id=\"86f55a7\" data-element_type=\"container\" data-e-type=\"container\">\n\t\t\t\t<div class=\"elementor-element elementor-element-7206a6d elementor-hidden-tablet elementor-hidden-mobile elementor-widget elementor-widget-shortcode\" data-id=\"7206a6d\" data-element_type=\"widget\" data-e-type=\"widget\" data-widget_type=\"shortcode.default\">\n\t\t\t\t\t\t\t<div class=\"elementor-shortcode\">        <link href=\"https:\/\/fonts.googleapis.com\/css2?family=Roboto:ital,wght@0,100;0,200;0,300;0,400;0,500;0,600;0,700;0,800;0,900;1,100;1,200;1,300;1,400;1,500;1,600;1,700;1,800;1,900&display=swap\" rel=\"stylesheet\">\r\n<style>\r\n    .avc-calendar.avc-calendar-1 {\r\n        background-color: rgba(226.99, 236.01, 247.02, 0);\r\n        border-width: 0px;\r\n        border-color: rgba(255, 255, 255, 1);\r\n        border-radius: 0px;\r\n        column-gap: 16px;\r\n        row-gap: 16px;\r\n        font-family: \"Roboto\";\r\n    }\r\n\r\n    \r\n    .avc-calendar.avc-calendar-1>.avc-input {\r\n        background-color: rgba(255, 255, 255, 0);\r\n        border-width: 0px;\r\n        border-color: rgba(255, 255, 255, 1);\r\n        border-radius: 0px;\r\n        color: rgba(255, 255, 255, 1);\r\n        font-size: 14px;\r\n        padding-top: 8px;\r\n        padding-bottom: 8px;\r\n    }\r\n    \r\n    .avc-calendar.avc-calendar-1>.avc-input>i {\r\n        color: rgba(255, 255, 255, 1);\r\n    }\r\n\r\n    .avc-calendar.avc-calendar-1>.avc-input>input {\r\n        font-size: 14px;\r\n    }\r\n\r\n    \/* Separated because of this: https:\/\/stackoverflow.com\/a\/39155868 *\/\r\n    .avc-calendar.avc-calendar-1input::placeholder {\r\n        color: inherit;\r\n        font-size: inherit;\r\n    }\r\n\r\n    .avc-calendar.avc-calendar-1input::-moz-placeholder {\r\n        color: inherit;\r\n        font-size: inherit;\r\n    }\r\n\r\n    .avc-calendar.avc-calendar-1input::-webkit-input-placeholder {\r\n        color: inherit;\r\n        font-size: inherit;\r\n    }\r\n\r\n    .avc-calendar.avc-calendar-1input:-ms-input-placeholder {\r\n        color: inherit;\r\n        font-size: inherit;\r\n    }\r\n\r\n    .avc-calendar.avc-calendar-1input::-ms-input-placeholder {\r\n        color: inherit;\r\n        font-size: inherit;\r\n    }\r\n\r\n    .avc-calendar.avc-calendar-1>.avc-button {\r\n        background-color: rgba(89, 120, 99, 1);\r\n        border-width: 0px;\r\n        border-color: rgba(255, 255, 255, 1);\r\n        border-radius: 4px;\r\n        color: rgba(255,255,255,1);\r\n        font-size: 14px;\r\n        padding-top: 8px;\r\n        padding-bottom: 8px;\r\n    }\r\n\r\n    .avc-calendar.avc-calendar-1:not(.avc-calendar-v)>.avc-button {\r\n        width: 15%;\r\n    }\r\n\r\n    .avc-calendar.avc-calendar-1>.avc-button:hover {\r\n        background-color: rgba(97,127,107,1);\r\n    }\r\n\r\n    .avc-datepicker.avc-datepicker-1.ui-state-highlight {\r\n        border: 1px solid rgba(89, 120, 99, 1);\r\n        color: rgba(89, 120, 99, 1);\r\n    }\r\n\r\n    .avc-datepicker.avc-datepicker-1.ui-state-highlight:not(.ui-state-active):hover {\r\n        background-color: rgba(230,235,232,1);\r\n    }\r\n\r\n    .avc-datepicker.avc-datepicker-1.ui-datepicker table>tbody>tr>td>a.ui-state-active.ui-state-default {\r\n        border: 1px solid rgba(89, 120, 99, 1) !important;\r\n        background-color: rgba(89, 120, 99, 1) !important;\r\n        color: rgba(255,255,255,1) !important;\r\n    }\r\n<\/style>        \r\n<div class=\"avc-calendar avc-calendar-1 \" data-id=\"1\" id=\"avc-1\" data-categories=\"[]\" data-lang=\"es\" data-globalredirect=\"false\" data-globalredirectId=\"0\" >\r\n    <select\r\n        class=\"avc-input avc-establishment avc-establishment-1 \" style=\"display: none;\"\r\n        data-single=\"1\"\r\n        data-default-webcode=\"63157463\"\r\n    >\r\n        <option value=\"\">Establecimientos<\/option>\r\n                <option value=\"63157463\" data-id=\"1\">\r\n            El Trasgu        <\/option>\r\n            <\/select>\r\n        <label class=\"avc-input\">\r\n                    <i class=\"material-icons\">calendar_today<\/i>\r\n                <input type=\"text\" class=\"avc-arrival\" placeholder=\"Llegada\" readonly data-id=\"1\">\r\n    <\/label>\r\n    <label class=\"avc-input\">\r\n                    <i class=\"material-icons\">calendar_today<\/i>\r\n                <input type=\"text\" class=\"avc-departure\" placeholder=\"Salida\" readonly data-id=\"1\">\r\n    <\/label>\r\n    <label class=\"avc-input\" style=\"display: block;\">\r\n        <input type=\"text\" class=\"avc-promotion\" placeholder=\"C\u00f3digo promocional\" value=\"\">\r\n    <\/label>\r\n    <button class=\"avc-button\" onclick=\"go_to_bengine(1)\" >Reservar<\/button>\r\n    <input type=\"hidden\" id=\"avinput_redirect\" value=\"false\" data-pageRedirURL=\"https:\/\/eltrasgudefoncebadon.com\/fr\/foncebadon\/\">\r\n    <input type=\"hidden\" id=\"avinput_san\" value=\"false\">\r\n    <input type=\"hidden\" id=\"avinput_zones\" value=\"false\">\r\n<\/div><\/div>\n\t\t\t\t\t\t<\/div>\n\t\t\t\t<div class=\"elementor-element elementor-element-9ba6baa elementor-align-center elementor-hidden-desktop elementor-hidden-laptop elementor-widget elementor-widget-button\" data-id=\"9ba6baa\" data-element_type=\"widget\" data-e-type=\"widget\" data-widget_type=\"button.default\">\n\t\t\t\t\t\t\t\t\t\t<a class=\"elementor-button elementor-button-link elementor-size-sm\" href=\"https:\/\/booking.avirato.com\/?code=63157463&#038;lang=fr\" target=\"_blank\">\n\t\t\t\t\t\t<span class=\"elementor-button-content-wrapper\">\n\t\t\t\t\t\t\t\t\t<span class=\"elementor-button-text\">R\u00e9servez au meilleur prix<\/span>\n\t\t\t\t\t<\/span>\n\t\t\t\t\t<\/a>\n\t\t\t\t\t\t\t\t<\/div>\n\t\t\t\t<\/div>\n\t\t\t\t<\/div>\n\t\t\t\t\t<\/div>\n\t\t\t\t<\/div>\n\t\t<div class=\"elementor-element elementor-element-975edcd e-flex e-con-boxed e-con e-parent\" data-id=\"975edcd\" data-element_type=\"container\" data-e-type=\"container\">\n\t\t\t\t\t<div class=\"e-con-inner\">\n\t\t\t\t<div class=\"elementor-element elementor-element-d0bfa46 elementor-widget elementor-widget-heading\" data-id=\"d0bfa46\" data-element_type=\"widget\" data-e-type=\"widget\" data-widget_type=\"heading.default\">\n\t\t\t\t\t<h2 class=\"elementor-heading-title elementor-size-default\">\u00c0 Focebad\u00f3n, le temps ne passe pas, il nous accompagne<\/h2>\t\t\t\t<\/div>\n\t\t\t\t<div class=\"elementor-element elementor-element-970b01a elementor-widget elementor-widget-text-editor\" data-id=\"970b01a\" data-element_type=\"widget\" data-e-type=\"widget\" data-widget_type=\"text-editor.default\">\n\t\t\t\t\t\t\t\t\t<p style=\"text-align: center;\" data-start=\"138\" data-end=\"440\">On ne se rend pas \u00e0 Foncebad\u00f3n par hasard, on y arrive. On y arrive les bottes pleines de poussi\u00e8re, avec ce m\u00e9lange de fatigue et de gratitude que seuls ceux qui marchent peuvent comprendre.<\/p><p style=\"text-align: center;\" data-start=\"576\" data-end=\"852\">Foncebad\u00f3n est une halte indispensable, un coin o\u00f9 le <strong>Chemin de Saint-Jacques<\/strong> prend un caract\u00e8re intime, o\u00f9 la nuit tombe doucement et o\u00f9 le ciel semble plus proche. Un lieu qui ne promet pas la perfection, mais la v\u00e9rit\u00e9 de l&#8217;effort, de la simplicit\u00e9, de la rencontre avec soi-m\u00eame et avec les autres.<\/p><p style=\"text-align: center;\" data-start=\"854\" data-end=\"1079\" data-is-last-node=\"\" data-is-only-node=\"\">Venez \u00e0 <strong>Foncebad\u00f3n<\/strong>, pour laisser le Chemin vous envelopper un peu plus, pour \u00e9couter ce que l&#8217;on ne comprend qu&#8217;en marchant, et pour emporter, dans votre sac \u00e0 dos et dans votre m\u00e9moire, cette s\u00e9r\u00e9nit\u00e9 ancestrale qui vous accompagne bien apr\u00e8s avoir quitt\u00e9 le chemin.<\/p>\t\t\t\t\t\t\t\t<\/div>\n\t\t\t\t\t<\/div>\n\t\t\t\t<\/div>\n\t\t<div class=\"elementor-element elementor-element-3b61c08 e-con-full e-flex e-con e-parent\" data-id=\"3b61c08\" data-element_type=\"container\" data-e-type=\"container\">\n\t\t<div class=\"elementor-element elementor-element-2def6e4 e-con-full e-flex e-con e-child\" data-id=\"2def6e4\" data-element_type=\"container\" data-e-type=\"container\">\n\t\t\t\t<div class=\"elementor-element elementor-element-77a168d elementor-widget elementor-widget-heading\" data-id=\"77a168d\" data-element_type=\"widget\" data-e-type=\"widget\" data-widget_type=\"heading.default\">\n\t\t\t\t\t<h2 class=\"elementor-heading-title elementor-size-default\">Chemin de Saint-Jacques-de-Compostelle, d'Astorga \u00e0 Ponferrada<\/h2>\t\t\t\t<\/div>\n\t\t\t\t<div class=\"elementor-element elementor-element-e786cd7 elementor-widget elementor-widget-text-editor\" data-id=\"e786cd7\" data-element_type=\"widget\" data-e-type=\"widget\" data-widget_type=\"text-editor.default\">\n\t\t\t\t\t\t\t\t\t<p style=\"text-align: justify;\" data-start=\"0\" data-end=\"238\">C&#8217;est l\u00e0 que commence la partie la plus belle : <strong data-start=\"901\" data-end=\"955\">depuis Astorga, le Chemin se dirige vers la montagne<\/strong>. Le paysage s&#8217;ouvre, l&#8217;air se rafra\u00eechit et le chemin commence \u00e0 d\u00e9voiler des lieux mythiques tels que <strong data-start=\"1065\" data-end=\"1118\">Rabanal del Camino, Foncebad\u00f3n et la Cruz de Ferro<\/strong>. C&#8217;est sur ce tron\u00e7on que le p\u00e8lerin sent que le voyage devient plus intime : moins de bruit, plus de ciel, plus de silence. Puis vient le changement : la descente vers le Bierzo. Le paysage s&#8217;adoucit, la v\u00e9g\u00e9tation se fait plus pr\u00e9sente et l&#8217;itin\u00e9raire m\u00e8ne vers de magnifiques coins comme <strong data-start=\"1382\" data-end=\"1396\">Molinaseca<\/strong>, avec son charme tranquille et son atmosph\u00e8re de r\u00e9compense apr\u00e8s l&#8217;effort. Une fois \u00e0 <strong data-start=\"1476\" data-end=\"1490\">Ponferrada<\/strong>,\u00a0 domin\u00e9e par le <strong data-start=\"1583\" data-end=\"1613\">ch\u00e2teau des Templiers<\/strong>, qui rappelle qu\u2019ici aussi, le Chemin est impr\u00e9gn\u00e9 d\u2019histoire.<\/p>\t\t\t\t\t\t\t\t<\/div>\n\t\t\t\t<div class=\"elementor-element elementor-element-5fc4e45 elementor-align-left elementor-widget elementor-widget-button\" data-id=\"5fc4e45\" data-element_type=\"widget\" data-e-type=\"widget\" data-widget_type=\"button.default\">\n\t\t\t\t\t\t\t\t\t\t<a class=\"elementor-button elementor-button-link elementor-size-sm elementor-animation-float\" href=\"https:\/\/booking.avirato.com\/?code=63157463&#038;cod_promocional=WEBOFFER\" target=\"_blank\">\n\t\t\t\t\t\t<span class=\"elementor-button-content-wrapper\">\n\t\t\t\t\t\t\t\t\t<span class=\"elementor-button-text\">Reserva tu estancia en Foncebad\u00f3n<\/span>\n\t\t\t\t\t<\/span>\n\t\t\t\t\t<\/a>\n\t\t\t\t\t\t\t\t<\/div>\n\t\t\t\t<\/div>\n\t\t<div class=\"elementor-element elementor-element-3089034 e-con-full e-flex e-con e-child\" data-id=\"3089034\" data-element_type=\"container\" data-e-type=\"container\" data-settings=\"{&quot;background_background&quot;:&quot;classic&quot;}\">\n\t\t\t\t<div class=\"elementor-element elementor-element-f89c3bf elementor-pagination-type-bullets elementor-arrows-position-inside elementor-pagination-position-outside elementor-widget elementor-widget-n-carousel\" data-id=\"f89c3bf\" data-element_type=\"widget\" data-e-type=\"widget\" data-settings=\"{&quot;carousel_items&quot;:[{&quot;slide_title&quot;:&quot;Diapositiva n\\u00ba 1&quot;,&quot;_id&quot;:&quot;8b9e1bc&quot;},{&quot;slide_title&quot;:&quot;Diapositiva n\\u00ba 2&quot;,&quot;_id&quot;:&quot;96e89bc&quot;},{&quot;slide_title&quot;:&quot;Diapositiva n\\u00ba 2&quot;,&quot;_id&quot;:&quot;61ce3e9&quot;},{&quot;slide_title&quot;:&quot;Diapositiva n\\u00ba 3&quot;,&quot;_id&quot;:&quot;605f24f&quot;}],&quot;slides_to_show_tablet&quot;:&quot;2&quot;,&quot;slides_to_show_mobile&quot;:&quot;1&quot;,&quot;speed&quot;:500,&quot;arrows&quot;:&quot;yes&quot;,&quot;pagination&quot;:&quot;bullets&quot;,&quot;image_spacing_custom&quot;:{&quot;unit&quot;:&quot;px&quot;,&quot;size&quot;:10,&quot;sizes&quot;:[]},&quot;image_spacing_custom_laptop&quot;:{&quot;unit&quot;:&quot;px&quot;,&quot;size&quot;:&quot;&quot;,&quot;sizes&quot;:[]},&quot;image_spacing_custom_tablet&quot;:{&quot;unit&quot;:&quot;px&quot;,&quot;size&quot;:&quot;&quot;,&quot;sizes&quot;:[]},&quot;image_spacing_custom_mobile&quot;:{&quot;unit&quot;:&quot;px&quot;,&quot;size&quot;:&quot;&quot;,&quot;sizes&quot;:[]}}\" data-widget_type=\"nested-carousel.default\">\n\t\t\t\t\t\t\t<div class=\"e-n-carousel swiper\" role=\"region\" aria-roledescription=\"carousel\" aria-label=\"Carrusel\" dir=\"ltr\">\n\t\t\t<div class=\"swiper-wrapper\" aria-live=\"polite\">\n\t\t\t\t\t\t\t\t\t\t<div class=\"swiper-slide\" data-slide=\"1\" role=\"group\" aria-roledescription=\"slide\" aria-label=\"1 of 4\">\n\t\t\t\t\t\t\t<div class=\"elementor-element elementor-element-8eccb71 e-flex e-con-boxed e-con e-child\" data-id=\"8eccb71\" data-element_type=\"container\" data-e-type=\"container\">\n\t\t\t\t\t<div class=\"e-con-inner\">\n\t\t\t\t<div class=\"elementor-element elementor-element-ee5cb14 elementor-cta--skin-classic elementor-animated-content elementor-bg-transform elementor-bg-transform-zoom-in elementor-widget elementor-widget-call-to-action\" data-id=\"ee5cb14\" data-element_type=\"widget\" data-e-type=\"widget\" data-widget_type=\"call-to-action.default\">\n\t\t\t\t\t\t\t<div class=\"elementor-cta\">\n\t\t\t\t\t<div class=\"elementor-cta__bg-wrapper\">\n\t\t\t\t<div class=\"elementor-cta__bg elementor-bg\" style=\"background-image: url(https:\/\/eltrasgudefoncebadon.com\/fr\/wp-content\/uploads\/sites\/3\/Palacio-episcopal-en-Astorga-Leon.webp);\" role=\"img\" aria-label=\"Palacio episcopal en Astorga Le\u00f3n\"><\/div>\n\t\t\t\t<div class=\"elementor-cta__bg-overlay\"><\/div>\n\t\t\t<\/div>\n\t\t\t\t\t\t\t<div class=\"elementor-cta__content\">\n\t\t\t\t\n\t\t\t\t\t\t\t\t\t<h2 class=\"elementor-cta__title elementor-cta__content-item elementor-content-item\">\n\t\t\t\t\t\tAstorga\t\t\t\t\t<\/h2>\n\t\t\t\t\n\t\t\t\t\t\t\t\t\t<div class=\"elementor-cta__description elementor-cta__content-item elementor-content-item\">\n\t\t\t\t\t\tL'\u00e9tape d'Astorga est l'une de ces journ\u00e9es du Chemin de Saint-Jacques qui se vivent avec une double saveur : celle de sentir qu'\u00e0 partir de l\u00e0, le Chemin commence \u00e0 changer, et celle de contempler son patrimoine : son h\u00e9ritage romain, ses remparts, la cath\u00e9drale et l'\u00e9tonnant palais \u00e9piscopal de Gaud\u00ed.\t\t\t\t\t<\/div>\n\t\t\t\t\n\t\t\t\t\t\t\t<\/div>\n\t\t\t\t\t\t<\/div>\n\t\t\t\t\t\t<\/div>\n\t\t\t\t\t<\/div>\n\t\t\t\t<\/div>\n\t\t\t\t\t\t\t\t<\/div>\n\t\t\t\t\t\t\t\t\t\t\t<div class=\"swiper-slide\" data-slide=\"2\" role=\"group\" aria-roledescription=\"slide\" aria-label=\"2 of 4\">\n\t\t\t\t\t\t\t<div class=\"elementor-element elementor-element-93550bc e-flex e-con-boxed e-con e-child\" data-id=\"93550bc\" data-element_type=\"container\" data-e-type=\"container\">\n\t\t\t\t\t<div class=\"e-con-inner\">\n\t\t\t\t<div class=\"elementor-element elementor-element-5c0815e elementor-cta--skin-classic elementor-animated-content elementor-bg-transform elementor-bg-transform-zoom-in elementor-widget elementor-widget-call-to-action\" data-id=\"5c0815e\" data-element_type=\"widget\" data-e-type=\"widget\" data-widget_type=\"call-to-action.default\">\n\t\t\t\t\t\t\t<div class=\"elementor-cta\">\n\t\t\t\t\t<div class=\"elementor-cta__bg-wrapper\">\n\t\t\t\t<div class=\"elementor-cta__bg elementor-bg\" style=\"background-image: url(https:\/\/eltrasgudefoncebadon.com\/fr\/wp-content\/uploads\/sites\/3\/Camino-de-Santiago-en-Foncebadon.webp);\" role=\"img\" aria-label=\"Camino de Santiago en Foncebad\u00f3n\"><\/div>\n\t\t\t\t<div class=\"elementor-cta__bg-overlay\"><\/div>\n\t\t\t<\/div>\n\t\t\t\t\t\t\t<div class=\"elementor-cta__content\">\n\t\t\t\t\n\t\t\t\t\t\t\t\t\t<h2 class=\"elementor-cta__title elementor-cta__content-item elementor-content-item\">\n\t\t\t\t\t\tFoncebad\u00f3n\t\t\t\t\t<\/h2>\n\t\t\t\t\n\t\t\t\t\t\t\t\t\t<div class=\"elementor-cta__description elementor-cta__content-item elementor-content-item\">\n\t\t\t\t\t\tL'endroit o\u00f9 le Chemin de Saint-Jacques-de-Compostelle se ressent le plus authentiquement : des sentiers d\u00e9gag\u00e9s, le vent de la montagne, le silence et des p\u00e8lerins qui partagent la m\u00eame histoire sans avoir besoin de trop en dire. Partez d\u00e8s l'aube et profitez tranquillement de ce tron\u00e7on : ici, marcher est presque une c\u00e9r\u00e9monie.\t\t\t\t\t<\/div>\n\t\t\t\t\n\t\t\t\t\t\t\t<\/div>\n\t\t\t\t\t\t<\/div>\n\t\t\t\t\t\t<\/div>\n\t\t\t\t\t<\/div>\n\t\t\t\t<\/div>\n\t\t\t\t\t\t\t\t<\/div>\n\t\t\t\t\t\t\t\t\t\t\t<div class=\"swiper-slide\" data-slide=\"3\" role=\"group\" aria-roledescription=\"slide\" aria-label=\"3 of 4\">\n\t\t\t\t\t\t\t<div class=\"elementor-element elementor-element-76ecd7d e-flex e-con-boxed e-con e-child\" data-id=\"76ecd7d\" data-element_type=\"container\" data-e-type=\"container\">\n\t\t\t\t\t<div class=\"e-con-inner\">\n\t\t\t\t<div class=\"elementor-element elementor-element-db2b26a elementor-cta--skin-classic elementor-animated-content elementor-bg-transform elementor-bg-transform-zoom-in elementor-widget elementor-widget-call-to-action\" data-id=\"db2b26a\" data-element_type=\"widget\" data-e-type=\"widget\" data-widget_type=\"call-to-action.default\">\n\t\t\t\t\t\t\t<div class=\"elementor-cta\">\n\t\t\t\t\t<div class=\"elementor-cta__bg-wrapper\">\n\t\t\t\t<div class=\"elementor-cta__bg elementor-bg\" style=\"background-image: url(https:\/\/eltrasgudefoncebadon.com\/fr\/wp-content\/uploads\/sites\/3\/La-Cruz-de-Ferro-en-Foncebadon-1.webp);\" role=\"img\" aria-label=\"La Cruz de Ferro en Foncebad\u00f3n\"><\/div>\n\t\t\t\t<div class=\"elementor-cta__bg-overlay\"><\/div>\n\t\t\t<\/div>\n\t\t\t\t\t\t\t<div class=\"elementor-cta__content\">\n\t\t\t\t\n\t\t\t\t\t\t\t\t\t<h2 class=\"elementor-cta__title elementor-cta__content-item elementor-content-item\">\n\t\t\t\t\t\tLa Cruz de Fierro\t\t\t\t\t<\/h2>\n\t\t\t\t\n\t\t\t\t\t\t\t\t\t<div class=\"elementor-cta__description elementor-cta__content-item elementor-content-item\">\n\t\t\t\t\t\t\u00c0 un kilom\u00e8tre de l\u00e0, vous attend l'un des lieux les plus embl\u00e9matiques du Chemin : la Cruz de Ferro, o\u00f9 de nombreux p\u00e8lerins d\u00e9posent une pierre en guise d'adieu, de promesse ou de remerciement. Que vous y alliez par foi, par \u00e9motion ou par curiosit\u00e9, c'est un lieu qui impressionne, un moment simple, mais charg\u00e9 de sens.\t\t\t\t\t<\/div>\n\t\t\t\t\n\t\t\t\t\t\t\t<\/div>\n\t\t\t\t\t\t<\/div>\n\t\t\t\t\t\t<\/div>\n\t\t\t\t\t<\/div>\n\t\t\t\t<\/div>\n\t\t\t\t\t\t\t\t<\/div>\n\t\t\t\t\t\t\t\t\t\t\t<div class=\"swiper-slide\" data-slide=\"4\" role=\"group\" aria-roledescription=\"slide\" aria-label=\"4 of 4\">\n\t\t\t\t\t\t\t<div class=\"elementor-element elementor-element-ff493dc e-flex e-con-boxed e-con e-child\" data-id=\"ff493dc\" data-element_type=\"container\" data-e-type=\"container\">\n\t\t\t\t\t<div class=\"e-con-inner\">\n\t\t\t\t<div class=\"elementor-element elementor-element-b2eb709 elementor-cta--skin-classic elementor-animated-content elementor-bg-transform elementor-bg-transform-zoom-in elementor-widget elementor-widget-call-to-action\" data-id=\"b2eb709\" data-element_type=\"widget\" data-e-type=\"widget\" data-widget_type=\"call-to-action.default\">\n\t\t\t\t\t\t\t<div class=\"elementor-cta\">\n\t\t\t\t\t<div class=\"elementor-cta__bg-wrapper\">\n\t\t\t\t<div class=\"elementor-cta__bg elementor-bg\" style=\"background-image: url(https:\/\/eltrasgudefoncebadon.com\/fr\/wp-content\/uploads\/sites\/3\/Ponferrada-Leon.webp);\" role=\"img\" aria-label=\"Ponferrada Le\u00f3n\"><\/div>\n\t\t\t\t<div class=\"elementor-cta__bg-overlay\"><\/div>\n\t\t\t<\/div>\n\t\t\t\t\t\t\t<div class=\"elementor-cta__content\">\n\t\t\t\t\n\t\t\t\t\t\t\t\t\t<h2 class=\"elementor-cta__title elementor-cta__content-item elementor-content-item\">\n\t\t\t\t\t\tRuta hac\u00eda Ponferrada\t\t\t\t\t<\/h2>\n\t\t\t\t\n\t\t\t\t\t\t\t\t\t<div class=\"elementor-cta__description elementor-cta__content-item elementor-content-item\">\n\t\t\t\t\t\tPoursuivre le Chemin \u00e0 partir d'ici est une exp\u00e9rience en soi : la descente vers la r\u00e9gion du Bierzo offre de magnifiques tron\u00e7ons et vous m\u00e8ne vers des lieux impr\u00e9gn\u00e9s de l'ambiance du p\u00e8lerinage, comme Molinaseca et, plus loin, Ponferrada, o\u00f9 le Chemin vous accueille avec son animation, ses commodit\u00e9s et une fin d'\u00e9tape pleine de caract\u00e8re.\t\t\t\t\t<\/div>\n\t\t\t\t\n\t\t\t\t\t\t\t<\/div>\n\t\t\t\t\t\t<\/div>\n\t\t\t\t\t\t<\/div>\n\t\t\t\t\t<\/div>\n\t\t\t\t<\/div>\n\t\t\t\t\t\t\t\t<\/div>\n\t\t\t\t\t\t\t\t<\/div>\n\t\t<\/div>\n\t\t\t\t\t<div class=\"elementor-swiper-button elementor-swiper-button-prev\" role=\"button\" tabindex=\"0\" aria-label=\"Anterior\">\n\t\t\t\t<svg aria-hidden=\"true\" class=\"e-font-icon-svg e-eicon-chevron-left\" viewBox=\"0 0 1000 1000\" xmlns=\"http:\/\/www.w3.org\/2000\/svg\"><path d=\"M646 125C629 125 613 133 604 142L308 442C296 454 292 471 292 487 292 504 296 521 308 533L604 854C617 867 629 875 646 875 663 875 679 871 692 858 704 846 713 829 713 812 713 796 708 779 692 767L438 487 692 225C700 217 708 204 708 187 708 171 704 154 692 142 675 129 663 125 646 125Z\"><\/path><\/svg>\t\t\t<\/div>\n\t\t\t<div class=\"elementor-swiper-button elementor-swiper-button-next\" role=\"button\" tabindex=\"0\" aria-label=\"Siguiente\">\n\t\t\t\t<svg aria-hidden=\"true\" class=\"e-font-icon-svg e-eicon-chevron-right\" viewBox=\"0 0 1000 1000\" xmlns=\"http:\/\/www.w3.org\/2000\/svg\"><path d=\"M696 533C708 521 713 504 713 487 713 471 708 454 696 446L400 146C388 133 375 125 354 125 338 125 325 129 313 142 300 154 292 171 292 187 292 204 296 221 308 233L563 492 304 771C292 783 288 800 288 817 288 833 296 850 308 863 321 871 338 875 354 875 371 875 388 867 400 854L696 533Z\"><\/path><\/svg>\t\t\t<\/div>\n\t\t\t\t\t<div class=\"swiper-pagination\"><\/div>\n\t\t\t\t\t\t<\/div>\n\t\t\t\t<\/div>\n\t\t\t\t<\/div>\n\t\t<div class=\"elementor-element elementor-element-9e1e168 e-flex e-con-boxed e-con e-parent\" data-id=\"9e1e168\" data-element_type=\"container\" data-e-type=\"container\">\n\t\t\t\t\t<div class=\"e-con-inner\">\n\t\t\t\t<div class=\"elementor-element elementor-element-8122ea6 elementor-widget elementor-widget-heading\" data-id=\"8122ea6\" data-element_type=\"widget\" data-e-type=\"widget\" data-widget_type=\"heading.default\">\n\t\t\t\t\t<h2 class=\"elementor-heading-title elementor-size-default\">Si le Chemin t'a conduit jusqu'\u00e0 Focebad\u00f3n, fais d'El Trasgu ton refuge<\/h2>\t\t\t\t<\/div>\n\t\t\t\t<div class=\"elementor-element elementor-element-5cfaf6f elementor-widget elementor-widget-text-editor\" data-id=\"5cfaf6f\" data-element_type=\"widget\" data-e-type=\"widget\" data-widget_type=\"text-editor.default\">\n\t\t\t\t\t\t\t\t\t<p style=\"text-align: center;\" data-start=\"138\" data-end=\"440\">Au c\u0153ur du Chemin fran\u00e7ais, l\u00e0 o\u00f9 l&#8217;effort se transforme en fiert\u00e9 et o\u00f9 le paysage atteint son apog\u00e9e, se trouve <strong data-start=\"273\" data-end=\"299\">El Trasgu de Focebad\u00f3n<\/strong>. Un lieu con\u00e7u par et pour le p\u00e8lerin, situ\u00e9 au point culminant du Chemin, o\u00f9 le repos est v\u00e9cu comme une v\u00e9ritable r\u00e9compense.<\/p><p style=\"text-align: center;\" data-start=\"442\" data-end=\"734\">\u00c0 <strong data-start=\"445\" data-end=\"458\">El Trasgu<\/strong>, vous trouverez <strong data-start=\"471\" data-end=\"513\">tout ce dont vous avez besoin au m\u00eame endroit<\/strong> : une <strong data-start=\"518\" data-end=\"537\">auberge chaleureuse<\/strong> pour reprendre des forces, un <strong data-start=\"565\" data-end=\"604\">restaurant proposant une cuisine r\u00e9confortante<\/strong> qui vous fera vous sentir comme chez vous apr\u00e8s une \u00e9tape, et une <strong data-start=\"649\" data-end=\"659\">boutique<\/strong> o\u00f9 vous pourrez vous r\u00e9approvisionner en produits de premi\u00e8re n\u00e9cessit\u00e9 pour poursuivre votre route en toute s\u00e9r\u00e9nit\u00e9.<\/p><p style=\"text-align: center;\" data-start=\"736\" data-end=\"941\">Son <strong data-start=\"739\" data-end=\"765\">emplacement privil\u00e9gi\u00e9<\/strong>, au c\u0153ur des montagnes de Le\u00f3n, offre le silence, l&#8217;air pur et des panoramas qui invitent \u00e0 s&#8217;arr\u00eater, \u00e0 respirer et \u00e0 profiter de l&#8217;instant pr\u00e9sent. Ici, ce n&#8217;est pas seulement le corps qui se repose, mais aussi l&#8217;\u00e2me.<\/p><p style=\"text-align: center;\" data-start=\"943\" data-end=\"1110\" data-is-last-node=\"\" data-is-only-node=\"\">Car apr\u00e8s avoir atteint de tels sommets, tu m\u00e9rites un endroit \u00e0 la hauteur de ton parcours.<\/p>\t\t\t\t\t\t\t\t<\/div>\n\t\t<div class=\"elementor-element elementor-element-7e7afb3 e-con-full e-grid e-con e-child\" data-id=\"7e7afb3\" data-element_type=\"container\" data-e-type=\"container\">\n\t\t<div class=\"elementor-element elementor-element-705dab6 e-con-full e-flex e-con e-child\" data-id=\"705dab6\" data-element_type=\"container\" data-e-type=\"container\">\n\t\t\t\t<div class=\"elementor-element elementor-element-2b25f18 elementor-cta--skin-classic elementor-animated-content elementor-bg-transform elementor-bg-transform-zoom-in elementor-widget elementor-widget-call-to-action\" data-id=\"2b25f18\" data-element_type=\"widget\" data-e-type=\"widget\" data-widget_type=\"call-to-action.default\">\n\t\t\t\t\t\t\t<div class=\"elementor-cta\">\n\t\t\t\t\t<div class=\"elementor-cta__bg-wrapper\">\n\t\t\t\t<div class=\"elementor-cta__bg elementor-bg\" style=\"background-image: url(https:\/\/eltrasgudefoncebadon.com\/fr\/wp-content\/uploads\/sites\/3\/El-hostal-del-Trasgu-de-Foncebadon.webp);\" role=\"img\" aria-label=\"El hostal del Trasgu de Foncebad\u00f3n\"><\/div>\n\t\t\t\t<div class=\"elementor-cta__bg-overlay\"><\/div>\n\t\t\t<\/div>\n\t\t\t\t\t\t\t<div class=\"elementor-cta__content\">\n\t\t\t\t\n\t\t\t\t\t\t\t\t\t<h2 class=\"elementor-cta__title elementor-cta__content-item elementor-content-item\">\n\t\t\t\t\t\tL'auberge\t\t\t\t\t<\/h2>\n\t\t\t\t\n\t\t\t\t\t\t\t\t\t<div class=\"elementor-cta__description elementor-cta__content-item elementor-content-item\">\n\t\t\t\t\t\tIl dispose de quatre chambres avec salle de bain priv\u00e9e, con\u00e7ues pour offrir aux p\u00e8lerins et aux voyageurs le repos et le confort dont ils ont besoin apr\u00e8s une journ\u00e9e de marche. Un h\u00e9bergement plein de charme, o\u00f9 chaque d\u00e9tail invite \u00e0 se reposer, \u00e0 se d\u00e9connecter et \u00e0 reprendre le chemin avec une \u00e9nergie renouvel\u00e9e.\t\t\t\t\t<\/div>\n\t\t\t\t\n\t\t\t\t\t\t\t\t\t<div class=\"elementor-cta__button-wrapper elementor-cta__content-item elementor-content-item \">\n\t\t\t\t\t<a class=\"elementor-cta__button elementor-button elementor-size-\" href=\"https:\/\/eltrasgudefoncebadon.com\/fr\/auberge-sur-le-chemin-de-saint-jacques-de-compostelle\/\">\n\t\t\t\t\t\tVoir l'auberge\t\t\t\t\t<\/a>\n\t\t\t\t\t<\/div>\n\t\t\t\t\t\t\t<\/div>\n\t\t\t\t\t\t<\/div>\n\t\t\t\t\t\t<\/div>\n\t\t\t\t<\/div>\n\t\t<div class=\"elementor-element elementor-element-5926354 e-con-full e-flex e-con e-child\" data-id=\"5926354\" data-element_type=\"container\" data-e-type=\"container\">\n\t\t\t\t<div class=\"elementor-element elementor-element-a8eae8f elementor-cta--skin-classic elementor-animated-content elementor-bg-transform elementor-bg-transform-zoom-in elementor-widget elementor-widget-call-to-action\" data-id=\"a8eae8f\" data-element_type=\"widget\" data-e-type=\"widget\" data-widget_type=\"call-to-action.default\">\n\t\t\t\t\t\t\t<div class=\"elementor-cta\">\n\t\t\t\t\t<div class=\"elementor-cta__bg-wrapper\">\n\t\t\t\t<div class=\"elementor-cta__bg elementor-bg\" style=\"background-image: url(https:\/\/eltrasgudefoncebadon.com\/fr\/wp-content\/uploads\/sites\/3\/Restaurante-del-Trasgu-de-Foncebadon.webp);\" role=\"img\" aria-label=\"Restaurante del Trasgu de Foncebad\u00f3n\"><\/div>\n\t\t\t\t<div class=\"elementor-cta__bg-overlay\"><\/div>\n\t\t\t<\/div>\n\t\t\t\t\t\t\t<div class=\"elementor-cta__content\">\n\t\t\t\t\n\t\t\t\t\t\t\t\t\t<h2 class=\"elementor-cta__title elementor-cta__content-item elementor-content-item\">\n\t\t\t\t\t\tLe restaurant\t\t\t\t\t<\/h2>\n\t\t\t\t\n\t\t\t\t\t\t\t\t\t<div class=\"elementor-cta__description elementor-cta__content-item elementor-content-item\">\n\t\t\t\t\t\tDans notre bar-restaurant, vous trouverez l'endroit id\u00e9al pour reprendre des forces apr\u00e8s l'ascension vers Foncebad\u00f3n. Nous vous attendons sur notre terrasse-jardin, la plus haute du Chemin fran\u00e7ais, orient\u00e9e vers le sud et offrant une vue imprenable sur le mont Teleno.\t\t\t\t\t<\/div>\n\t\t\t\t\n\t\t\t\t\t\t\t\t\t<div class=\"elementor-cta__button-wrapper elementor-cta__content-item elementor-content-item \">\n\t\t\t\t\t<a class=\"elementor-cta__button elementor-button elementor-size-\" href=\"https:\/\/eltrasgudefoncebadon.com\/fr\/restaurant-el-trasgu-a-foncebadon\/\">\n\t\t\t\t\t\tVoir le restaurant\t\t\t\t\t<\/a>\n\t\t\t\t\t<\/div>\n\t\t\t\t\t\t\t<\/div>\n\t\t\t\t\t\t<\/div>\n\t\t\t\t\t\t<\/div>\n\t\t\t\t<\/div>\n\t\t<div class=\"elementor-element elementor-element-29da243 e-con-full e-flex e-con e-child\" data-id=\"29da243\" data-element_type=\"container\" data-e-type=\"container\">\n\t\t\t\t<div class=\"elementor-element elementor-element-1de3f3b elementor-cta--skin-classic elementor-animated-content elementor-bg-transform elementor-bg-transform-zoom-in elementor-widget elementor-widget-call-to-action\" data-id=\"1de3f3b\" data-element_type=\"widget\" data-e-type=\"widget\" data-widget_type=\"call-to-action.default\">\n\t\t\t\t\t\t\t<div class=\"elementor-cta\">\n\t\t\t\t\t<div class=\"elementor-cta__bg-wrapper\">\n\t\t\t\t<div class=\"elementor-cta__bg elementor-bg\" style=\"background-image: url(https:\/\/eltrasgudefoncebadon.com\/fr\/wp-content\/uploads\/sites\/3\/La-tienda-del-Trasgu-de-Foncebadon.webp);\" role=\"img\" aria-label=\"La tienda del Trasgu de Foncebad\u00f3n\"><\/div>\n\t\t\t\t<div class=\"elementor-cta__bg-overlay\"><\/div>\n\t\t\t<\/div>\n\t\t\t\t\t\t\t<div class=\"elementor-cta__content\">\n\t\t\t\t\n\t\t\t\t\t\t\t\t\t<h2 class=\"elementor-cta__title elementor-cta__content-item elementor-content-item\">\n\t\t\t\t\t\tLa boutique\t\t\t\t\t<\/h2>\n\t\t\t\t\n\t\t\t\t\t\t\t\t\t<div class=\"elementor-cta__description elementor-cta__content-item elementor-content-item\">\n\t\t\t\t\t\tCon\u00e7ue par et pour les p\u00e8lerins du Chemin de Saint-Jacques-de-Compostelle, c'est l'endroit o\u00f9 vous trouverez exactement ce dont vous avez besoin au moment o\u00f9 vous en avez le plus besoin. Nous y proposons tout le n\u00e9cessaire, tant pour votre s\u00e9jour \u00e0 Foncebad\u00f3n que pour affronter les \u00e9tapes suivantes du Chemin.\t\t\t\t\t<\/div>\n\t\t\t\t\n\t\t\t\t\t\t\t\t\t<div class=\"elementor-cta__button-wrapper elementor-cta__content-item elementor-content-item \">\n\t\t\t\t\t<a class=\"elementor-cta__button elementor-button elementor-size-\" href=\"https:\/\/eltrasgudefoncebadon.com\/fr\/la-boutique-el-trasgu-foncebadon\/\">\n\t\t\t\t\t\tVoir la boutique\t\t\t\t\t<\/a>\n\t\t\t\t\t<\/div>\n\t\t\t\t\t\t\t<\/div>\n\t\t\t\t\t\t<\/div>\n\t\t\t\t\t\t<\/div>\n\t\t\t\t<\/div>\n\t\t\t\t<\/div>\n\t\t\t\t\t<\/div>\n\t\t\t\t<\/div>\n\t\t<div class=\"elementor-element elementor-element-858c7cb e-con-full e-flex e-con e-parent\" data-id=\"858c7cb\" data-element_type=\"container\" data-e-type=\"container\">\n\t\t<div class=\"elementor-element elementor-element-a6325d0 e-con-full e-flex e-con e-child\" data-id=\"a6325d0\" data-element_type=\"container\" data-e-type=\"container\" data-settings=\"{&quot;background_background&quot;:&quot;classic&quot;}\">\n\t\t\t\t<\/div>\n\t\t<div class=\"elementor-element elementor-element-a151a90 e-con-full e-flex e-con e-child\" data-id=\"a151a90\" data-element_type=\"container\" data-e-type=\"container\">\n\t\t\t\t<div class=\"elementor-element elementor-element-7936e50 elementor-widget elementor-widget-heading\" data-id=\"7936e50\" data-element_type=\"widget\" data-e-type=\"widget\" data-widget_type=\"heading.default\">\n\t\t\t\t\t<h2 class=\"elementor-heading-title elementor-size-default\">Commencez \u00e0 profiter de votre escapade<\/h2>\t\t\t\t<\/div>\n\t\t\t\t<div class=\"elementor-element elementor-element-16728f8 elementor-widget elementor-widget-heading\" data-id=\"16728f8\" data-element_type=\"widget\" data-e-type=\"widget\" data-widget_type=\"heading.default\">\n\t\t\t\t\t<h2 class=\"elementor-heading-title elementor-size-default\">R\u00e9servez d\u00e8s maintenant sur notre site officiel<\/h2>\t\t\t\t<\/div>\n\t\t\t\t<div class=\"elementor-element elementor-element-c562fb9 elementor-widget elementor-widget-text-editor\" data-id=\"c562fb9\" data-element_type=\"widget\" data-e-type=\"widget\" data-widget_type=\"text-editor.default\">\n\t\t\t\t\t\t\t\t\t<p style=\"text-align: justify;\" data-start=\"0\" data-end=\"238\">R\u00e9servez votre s\u00e9jour \u00e0 <strong data-start=\"23\" data-end=\"50\">El Trasgu de Foncebad\u00f3n<\/strong> via notre <strong data-start=\"71\" data-end=\"86\">site officiel<\/strong> et profitez d&#8217;avantages exclusifs sp\u00e9cialement con\u00e7us pour vous. Vous y trouverez toujours le <strong data-start=\"167\" data-end=\"195\">meilleur prix garanti<\/strong>, sans interm\u00e9diaires ni frais cach\u00e9s.<\/p><p style=\"text-align: justify;\" data-start=\"240\" data-end=\"547\">De plus, en r\u00e9servant directement sur notre site web, vous b\u00e9n\u00e9ficierez d&#8217;une <strong data-start=\"303\" data-end=\"334\">r\u00e9duction suppl\u00e9mentaire de 15 %<\/strong> en utilisant le <strong data-start=\"349\" data-end=\"380\">code promotionnel WEBOFFER<\/strong>. Une occasion id\u00e9ale de vivre l&#8217;exp\u00e9rience d&#8217;El Trasgu de Foncebad\u00f3n au meilleur prix, dans un cadre unique et avec toute la tranquillit\u00e9 d&#8217;esprit qu&#8217;offre une r\u00e9servation directe.<\/p>\t\t\t\t\t\t\t\t<\/div>\n\t\t\t\t<div class=\"elementor-element elementor-element-259d46e elementor-widget elementor-widget-button\" data-id=\"259d46e\" data-element_type=\"widget\" data-e-type=\"widget\" data-widget_type=\"button.default\">\n\t\t\t\t\t\t\t\t\t\t<a class=\"elementor-button elementor-button-link elementor-size-sm elementor-animation-float\" href=\"https:\/\/booking.avirato.com\/?code=63157463&#038;lang=fr&#038;cod_promocional=WEBOFFER\" target=\"_blank\">\n\t\t\t\t\t\t<span class=\"elementor-button-content-wrapper\">\n\t\t\t\t\t\t\t\t\t<span class=\"elementor-button-text\">R\u00e9servez au meilleur prix<\/span>\n\t\t\t\t\t<\/span>\n\t\t\t\t\t<\/a>\n\t\t\t\t\t\t\t\t<\/div>\n\t\t\t\t<\/div>\n\t\t\t\t<\/div>\n\t\t\t\t<\/div>\n\t\t","protected":false},"excerpt":{"rendered":"<p>le point culminant du chemin de Compostelle Meilleur prix garanti | 15 % de r\u00e9duction avec le code promo WEBOFFER R\u00e9servez au meilleur prix \u00c0 Focebad\u00f3n, le temps ne passe pas, il nous accompagne On ne se rend pas \u00e0 Foncebad\u00f3n par hasard, on y arrive. On y arrive les bottes pleines de poussi\u00e8re, avec [&hellip;]<\/p>\n","protected":false},"author":1,"featured_media":0,"parent":0,"menu_order":0,"comment_status":"closed","ping_status":"closed","template":"elementor_header_footer","meta":{"footnotes":""},"class_list":["post-2032","page","type-page","status-publish","hentry"],"yoast_head":"<!-- This site is optimized with the Yoast SEO plugin v27.4 - https:\/\/yoast.com\/product\/yoast-seo-wordpress\/ -->\n<title>Foncebad\u00f3n - El Trasgu de Foncebad\u00f3n<\/title>\n<meta name=\"description\" content=\"\u00c0 Focebad\u00f3n, le temps ne passe pas, il nous accompagne. C&#039;est une pause n\u00e9cessaire, un coin o\u00f9 le Chemin de Saint-Jacques-de-Compostelle.\" \/>\n<meta name=\"robots\" content=\"index, follow, max-snippet:-1, max-image-preview:large, max-video-preview:-1\" \/>\n<link rel=\"canonical\" href=\"https:\/\/eltrasgudefoncebadon.com\/fr\/foncebadon\/\" \/>\n<meta property=\"og:locale\" content=\"es_ES\" \/>\n<meta property=\"og:type\" content=\"article\" \/>\n<meta property=\"og:title\" content=\"Foncebad\u00f3n - El Trasgu de Foncebad\u00f3n\" \/>\n<meta property=\"og:description\" content=\"\u00c0 Focebad\u00f3n, le temps ne passe pas, il nous accompagne. C&#039;est une pause n\u00e9cessaire, un coin o\u00f9 le Chemin de Saint-Jacques-de-Compostelle.\" \/>\n<meta property=\"og:url\" content=\"https:\/\/eltrasgudefoncebadon.com\/fr\/foncebadon\/\" \/>\n<meta property=\"og:site_name\" content=\"El Trasgu de Foncebad\u00f3n\" \/>\n<meta property=\"article:modified_time\" content=\"2026-04-26T19:53:00+00:00\" \/>\n<meta name=\"twitter:card\" content=\"summary_large_image\" \/>\n<meta name=\"twitter:label1\" content=\"Tiempo de lectura\" \/>\n\t<meta name=\"twitter:data1\" content=\"6 minutos\" \/>\n<script type=\"application\/ld+json\" class=\"yoast-schema-graph\">{\"@context\":\"https:\\\/\\\/schema.org\",\"@graph\":[{\"@type\":\"WebPage\",\"@id\":\"https:\\\/\\\/eltrasgudefoncebadon.com\\\/fr\\\/foncebadon\\\/\",\"url\":\"https:\\\/\\\/eltrasgudefoncebadon.com\\\/fr\\\/foncebadon\\\/\",\"name\":\"Foncebad\u00f3n - El Trasgu de Foncebad\u00f3n\",\"isPartOf\":{\"@id\":\"https:\\\/\\\/eltrasgudefoncebadon.com\\\/fr\\\/#website\"},\"datePublished\":\"2026-01-15T14:25:31+00:00\",\"dateModified\":\"2026-04-26T19:53:00+00:00\",\"description\":\"\u00c0 Focebad\u00f3n, le temps ne passe pas, il nous accompagne. C'est une pause n\u00e9cessaire, un coin o\u00f9 le Chemin de Saint-Jacques-de-Compostelle.\",\"breadcrumb\":{\"@id\":\"https:\\\/\\\/eltrasgudefoncebadon.com\\\/fr\\\/foncebadon\\\/#breadcrumb\"},\"inLanguage\":\"es\",\"potentialAction\":[{\"@type\":\"ReadAction\",\"target\":[\"https:\\\/\\\/eltrasgudefoncebadon.com\\\/fr\\\/foncebadon\\\/\"]}]},{\"@type\":\"BreadcrumbList\",\"@id\":\"https:\\\/\\\/eltrasgudefoncebadon.com\\\/fr\\\/foncebadon\\\/#breadcrumb\",\"itemListElement\":[{\"@type\":\"ListItem\",\"position\":1,\"name\":\"Portada\",\"item\":\"https:\\\/\\\/eltrasgudefoncebadon.com\\\/fr\\\/\"},{\"@type\":\"ListItem\",\"position\":2,\"name\":\"Foncebad\u00f3n\"}]},{\"@type\":\"WebSite\",\"@id\":\"https:\\\/\\\/eltrasgudefoncebadon.com\\\/fr\\\/#website\",\"url\":\"https:\\\/\\\/eltrasgudefoncebadon.com\\\/fr\\\/\",\"name\":\"El Trasgu de Foncebad\u00f3n\",\"description\":\"Auberge-restaurant sur le chemin de Saint-Jacques-de-Compostelle\",\"publisher\":{\"@id\":\"https:\\\/\\\/eltrasgudefoncebadon.com\\\/fr\\\/#organization\"},\"potentialAction\":[{\"@type\":\"SearchAction\",\"target\":{\"@type\":\"EntryPoint\",\"urlTemplate\":\"https:\\\/\\\/eltrasgudefoncebadon.com\\\/fr\\\/?s={search_term_string}\"},\"query-input\":{\"@type\":\"PropertyValueSpecification\",\"valueRequired\":true,\"valueName\":\"search_term_string\"}}],\"inLanguage\":\"es\"},{\"@type\":\"Organization\",\"@id\":\"https:\\\/\\\/eltrasgudefoncebadon.com\\\/fr\\\/#organization\",\"name\":\"El Trasgu de Foncebad\u00f3n\",\"url\":\"https:\\\/\\\/eltrasgudefoncebadon.com\\\/fr\\\/\",\"logo\":{\"@type\":\"ImageObject\",\"inLanguage\":\"es\",\"@id\":\"https:\\\/\\\/eltrasgudefoncebadon.com\\\/fr\\\/#\\\/schema\\\/logo\\\/image\\\/\",\"url\":\"https:\\\/\\\/eltrasgudefoncebadon.com\\\/fr\\\/wp-content\\\/uploads\\\/sites\\\/3\\\/Logotipo-del-Trasgu-de-Foncebadon-blanco.webp\",\"contentUrl\":\"https:\\\/\\\/eltrasgudefoncebadon.com\\\/fr\\\/wp-content\\\/uploads\\\/sites\\\/3\\\/Logotipo-del-Trasgu-de-Foncebadon-blanco.webp\",\"width\":500,\"height\":213,\"caption\":\"El Trasgu de Foncebad\u00f3n\"},\"image\":{\"@id\":\"https:\\\/\\\/eltrasgudefoncebadon.com\\\/fr\\\/#\\\/schema\\\/logo\\\/image\\\/\"}}]}<\/script>\n<!-- \/ Yoast SEO plugin. -->","yoast_head_json":{"title":"Foncebad\u00f3n - El Trasgu de Foncebad\u00f3n","description":"\u00c0 Focebad\u00f3n, le temps ne passe pas, il nous accompagne. C'est une pause n\u00e9cessaire, un coin o\u00f9 le Chemin de Saint-Jacques-de-Compostelle.","robots":{"index":"index","follow":"follow","max-snippet":"max-snippet:-1","max-image-preview":"max-image-preview:large","max-video-preview":"max-video-preview:-1"},"canonical":"https:\/\/eltrasgudefoncebadon.com\/fr\/foncebadon\/","og_locale":"es_ES","og_type":"article","og_title":"Foncebad\u00f3n - El Trasgu de Foncebad\u00f3n","og_description":"\u00c0 Focebad\u00f3n, le temps ne passe pas, il nous accompagne. C'est une pause n\u00e9cessaire, un coin o\u00f9 le Chemin de Saint-Jacques-de-Compostelle.","og_url":"https:\/\/eltrasgudefoncebadon.com\/fr\/foncebadon\/","og_site_name":"El Trasgu de Foncebad\u00f3n","article_modified_time":"2026-04-26T19:53:00+00:00","twitter_card":"summary_large_image","twitter_misc":{"Tiempo de lectura":"6 minutos"},"schema":{"@context":"https:\/\/schema.org","@graph":[{"@type":"WebPage","@id":"https:\/\/eltrasgudefoncebadon.com\/fr\/foncebadon\/","url":"https:\/\/eltrasgudefoncebadon.com\/fr\/foncebadon\/","name":"Foncebad\u00f3n - El Trasgu de Foncebad\u00f3n","isPartOf":{"@id":"https:\/\/eltrasgudefoncebadon.com\/fr\/#website"},"datePublished":"2026-01-15T14:25:31+00:00","dateModified":"2026-04-26T19:53:00+00:00","description":"\u00c0 Focebad\u00f3n, le temps ne passe pas, il nous accompagne. C'est une pause n\u00e9cessaire, un coin o\u00f9 le Chemin de Saint-Jacques-de-Compostelle.","breadcrumb":{"@id":"https:\/\/eltrasgudefoncebadon.com\/fr\/foncebadon\/#breadcrumb"},"inLanguage":"es","potentialAction":[{"@type":"ReadAction","target":["https:\/\/eltrasgudefoncebadon.com\/fr\/foncebadon\/"]}]},{"@type":"BreadcrumbList","@id":"https:\/\/eltrasgudefoncebadon.com\/fr\/foncebadon\/#breadcrumb","itemListElement":[{"@type":"ListItem","position":1,"name":"Portada","item":"https:\/\/eltrasgudefoncebadon.com\/fr\/"},{"@type":"ListItem","position":2,"name":"Foncebad\u00f3n"}]},{"@type":"WebSite","@id":"https:\/\/eltrasgudefoncebadon.com\/fr\/#website","url":"https:\/\/eltrasgudefoncebadon.com\/fr\/","name":"El Trasgu de Foncebad\u00f3n","description":"Auberge-restaurant sur le chemin de Saint-Jacques-de-Compostelle","publisher":{"@id":"https:\/\/eltrasgudefoncebadon.com\/fr\/#organization"},"potentialAction":[{"@type":"SearchAction","target":{"@type":"EntryPoint","urlTemplate":"https:\/\/eltrasgudefoncebadon.com\/fr\/?s={search_term_string}"},"query-input":{"@type":"PropertyValueSpecification","valueRequired":true,"valueName":"search_term_string"}}],"inLanguage":"es"},{"@type":"Organization","@id":"https:\/\/eltrasgudefoncebadon.com\/fr\/#organization","name":"El Trasgu de Foncebad\u00f3n","url":"https:\/\/eltrasgudefoncebadon.com\/fr\/","logo":{"@type":"ImageObject","inLanguage":"es","@id":"https:\/\/eltrasgudefoncebadon.com\/fr\/#\/schema\/logo\/image\/","url":"https:\/\/eltrasgudefoncebadon.com\/fr\/wp-content\/uploads\/sites\/3\/Logotipo-del-Trasgu-de-Foncebadon-blanco.webp","contentUrl":"https:\/\/eltrasgudefoncebadon.com\/fr\/wp-content\/uploads\/sites\/3\/Logotipo-del-Trasgu-de-Foncebadon-blanco.webp","width":500,"height":213,"caption":"El Trasgu de Foncebad\u00f3n"},"image":{"@id":"https:\/\/eltrasgudefoncebadon.com\/fr\/#\/schema\/logo\/image\/"}}]}},"_links":{"self":[{"href":"https:\/\/eltrasgudefoncebadon.com\/fr\/wp-json\/wp\/v2\/pages\/2032","targetHints":{"allow":["GET"]}}],"collection":[{"href":"https:\/\/eltrasgudefoncebadon.com\/fr\/wp-json\/wp\/v2\/pages"}],"about":[{"href":"https:\/\/eltrasgudefoncebadon.com\/fr\/wp-json\/wp\/v2\/types\/page"}],"author":[{"embeddable":true,"href":"https:\/\/eltrasgudefoncebadon.com\/fr\/wp-json\/wp\/v2\/users\/1"}],"replies":[{"embeddable":true,"href":"https:\/\/eltrasgudefoncebadon.com\/fr\/wp-json\/wp\/v2\/comments?post=2032"}],"version-history":[{"count":148,"href":"https:\/\/eltrasgudefoncebadon.com\/fr\/wp-json\/wp\/v2\/pages\/2032\/revisions"}],"predecessor-version":[{"id":2476,"href":"https:\/\/eltrasgudefoncebadon.com\/fr\/wp-json\/wp\/v2\/pages\/2032\/revisions\/2476"}],"wp:attachment":[{"href":"https:\/\/eltrasgudefoncebadon.com\/fr\/wp-json\/wp\/v2\/media?parent=2032"}],"curies":[{"name":"wp","href":"https:\/\/api.w.org\/{rel}","templated":true}]}}